{"id":50,"date":"2019-01-08T05:36:43","date_gmt":"2019-01-08T05:36:43","guid":{"rendered":"https:\/\/greenly-demo.pbminfotech.com\/greenly-datasite-6-site1\/?page_id=9207"},"modified":"2025-10-01T14:15:21","modified_gmt":"2025-10-01T11:15:21","slug":"proje-hakkinda","status":"publish","type":"page","link":"https:\/\/www.sumpizmir.org\/tr\/proje-hakkinda\/","title":{"rendered":"Proje Hakk\u0131nda"},"content":{"rendered":"<div class=\"wpb-content-wrapper\"><p>[vc_row cspt-bg-color=&#8221;white&#8221; cspt-extended-column=&#8221;first&#8221; cspt-extended-bg-image-position=&#8221;right-top&#8221; cspt-extended-bg-image-repeat=&#8221;y&#8221; full_width=&#8221;stretch_row&#8221; content_placement=&#8221;middle&#8221; css=&#8221;.vc_custom_1649219577195{padding-top: 90px !important;padding-bottom: 90px !important;}&#8221; cspt-first-col-bg-image=&#8221;23&#8243; cspt-responsive-css=&#8221;61836986|colbreak_no||||||30px||30px|colbreak_yes|||||||||colbreak_no|||||60px||60px|||colbreak_no|||||||||&#8221;][vc_column width=&#8221;1\/2&#8243; css=&#8221;.vc_custom_1646300346165{margin-right: -50px !important;}&#8221; cspt-responsive-css=&#8221;83513971|colbreak_no||||||0||0|colbreak_no||0|||||||colbreak_no||||||||||colbreak_no|||||||||&#8221;][vc_single_image image=&#8221;476&#8243; img_size=&#8221;460*480&#8243; css=&#8221;.vc_custom_1715351331035{margin-bottom: 0px !important;}&#8221; el_class=&#8221;cspt-effect-img&#8221;][vc_btn title=&#8221;100 \u015eehir Misyonu&#8221; style=&#8221;classic&#8221; shape=&#8221;square&#8221; align=&#8221;left&#8221; i_align=&#8221;right&#8221; i_type=&#8221;entypo&#8221; i_icon_entypo=&#8221;entypo-icon entypo-icon-right-open&#8221; add_icon=&#8221;true&#8221; el_class=&#8221;cspt-right-pad-btn&#8221; link=&#8221;url:https%3A%2F%2Fresearch-and-innovation.ec.europa.eu%2Ffunding%2Ffunding-opportunities%2Ffunding-programmes-and-open-calls%2Fhorizon-europe%2Feu-missions-horizon-europe%2Fclimate-neutral-and-smart-cities_en|target:_blank&#8221;][vc_single_image image=&#8221;478&#8243; img_size=&#8221;362*460&#8243; css=&#8221;.vc_custom_1715351322228{margin-bottom: 0px !important;}&#8221; el_class=&#8221;cspt-abs-img&#8221;][\/vc_column][vc_column width=&#8221;1\/2&#8243; css=&#8221;.vc_custom_1646300357864{padding-left: 90px !important;}&#8221; cspt-responsive-css=&#8221;99138109|colbreak_no||||||0||0|colbreak_no|90||||||||colbreak_no||||||||||colbreak_no|||||||||&#8221;][vc_column_text css=&#8221;.vc_custom_1722348804451{margin-bottom: 45px !important;}&#8221;]Projenin amac\u0131, \u0130zmir B\u00fcy\u00fck\u015fehir Belediyesi i\u00e7in <strong>S\u00fcrd\u00fcr\u00fclebilir Kentsel Ula\u015f\u0131m Plan\u0131 (SKUp \u0130zmir)<\/strong> haz\u0131rlamakt\u0131r. Plan, herkes i\u00e7in daha g\u00fcvenli, daha temiz, eri\u015filebilir ve uygun fiyatl\u0131 hareketlilik olanaklar\u0131 sa\u011flayarak \u0130zmir&#8217;de ya\u015fanabilirlik ve s\u00fcrd\u00fcr\u00fclebilirli\u011fe katk\u0131da bulunacakt\u0131r.[\/vc_column_text]<div  class=\"creativesplanet-ul-list cspt-list-padding-0 cspt-ul-type-icon\"><ul><li><i class=\"cspt-globalcolor entypo-icon entypo-icon-check\"><\/i> Kat\u0131l\u0131mc\u0131 Bir Yakla\u015f\u0131m<\/li><li><i class=\"cspt-globalcolor entypo-icon entypo-icon-check\"><\/i> 2040 Hareketlilik ve Trafik Geli\u015fimi Hedefleri<\/li><li><i class=\"cspt-globalcolor entypo-icon entypo-icon-check\"><\/i> T\u00fcm Ula\u015f\u0131m Modlar\u0131na B\u00fct\u00fcnsel Bir Yakla\u015f\u0131m<\/li><\/ul><\/div>[\/vc_column][\/vc_row][vc_row cspt-bg-color=&#8221;light&#8221; full_width=&#8221;stretch_row&#8221; cspt-responsive-css=&#8221;36971505|colbreak_no|||||80px|30px|80px|30px|colbreak_no|||||||||colbreak_no|||||60||60|||colbreak_no|||||||||&#8221; css=&#8221;.vc_custom_1672738928082{padding-top: 90px !important;padding-bottom: 90px !important;}&#8221;][vc_column cspt-responsive-css=&#8221;98838249|colbreak_no||||||0||0|colbreak_no||||||15px||15px|colbreak_no||||||||||colbreak_no|||||||||&#8221;][vc_row_inner][vc_column_inner][\/vc_column_inner][\/vc_row_inner][vc_row_inner cspt-responsive-css=&#8221;91466785|colbreak_no|||||||||colbreak_yes|||||||||colbreak_no||||||||||colbreak_no|||||||||&#8221;][vc_column_inner width=&#8221;2\/3&#8243; css=&#8221;.vc_custom_1546938812424{padding-right: 70px !important;}&#8221; cspt-responsive-css=&#8221;46222631|colbreak_no|||||||||colbreak_no||||||0||0|colbreak_no||||||||||colbreak_no|||||||||&#8221;][vc_column_text css=&#8221;.vc_custom_1715351985505{margin-bottom: 45px !important;}&#8221;]Bu hedefe ula\u015fmak i\u00e7in, ula\u015f\u0131m ve \u015fehir planlamas\u0131n\u0131 birbirine ba\u011flayan ve vatanda\u015flar\u0131 kendi hareketlilik sistemlerini olu\u015fturmaya dahil eden stratejik planlama y\u00f6ntemlerine ihtiya\u00e7 duyulmaktad\u0131r.<\/p>\n<p>SKUp \u0130zmir, s\u00fcrd\u00fcr\u00fclebilir hareketlili\u011fi te\u015fvik edecek ve motorsuz ula\u015f\u0131m, payla\u015f\u0131ml\u0131 hareketlilik ve toplu ta\u015f\u0131ma kullan\u0131m\u0131n\u0131 art\u0131racak politika ve m\u00fcdahaleleri tan\u0131mlamay\u0131 ama\u00e7lamaktad\u0131r. Bu kapsamda \u00f6nerilen tedbirler, otomobile ba\u011f\u0131ml\u0131 bir ya\u015fam tarz\u0131ndan uzakla\u015fmay\u0131 kolayla\u015ft\u0131rmal\u0131 ve \u00f6zel ara\u00e7lar\u0131n a\u015f\u0131r\u0131 kullan\u0131m\u0131ndan kaynaklanan trafik s\u0131k\u0131\u015f\u0131kl\u0131\u011f\u0131, karbon sal\u0131n\u0131m\u0131 ve di\u011fer olumsuz etkilerin azalt\u0131lmas\u0131na katk\u0131da bulunmal\u0131d\u0131r. Proje, Avrupa Komisyonu&#8217;nun <strong><a style=\"color: black;\" href=\"https:\/\/research-and-innovation.ec.europa.eu\/funding\/funding-opportunities\/funding-programmes-and-open-calls\/horizon-europe\/eu-missions-horizon-europe\/climate-neutral-and-smart-cities_en\" target=\"_blank\" rel=\"noopener\">100 \u015fehir misyonunun<\/a><\/strong> bir par\u00e7as\u0131 olarak kentin de i\u00e7inde bulundu\u011fu s\u0131f\u0131r karbon s\u00fcrecinin\u00a0bir\u00a0par\u00e7as\u0131d\u0131r.[\/vc_column_text][\/vc_column_inner][vc_column_inner width=&#8221;1\/3&#8243; css=&#8221;.vc_custom_1716888124715{margin-right: -50px !important;}&#8221; cspt-responsive-css=&#8221;23349509|colbreak_no|||||||||colbreak_no|50|||||||0|colbreak_no||||||||||colbreak_no|||||||||&#8221;][vc_single_image image=&#8221;920&#8243; img_size=&#8221;full&#8221; css=&#8221;.vc_custom_1716967582302{margin-left: -50px !important;}&#8221;][\/vc_column_inner][\/vc_row_inner][\/vc_column][\/vc_row][vc_row cspt-bg-color=&#8221;white&#8221; cspt-extended-column=&#8221;first&#8221; cspt-extended-bg-image-position=&#8221;right-top&#8221; cspt-extended-bg-image-repeat=&#8221;y&#8221; full_width=&#8221;stretch_row&#8221; content_placement=&#8221;middle&#8221; css=&#8221;.vc_custom_1649219577195{padding-top: 90px !important;padding-bottom: 90px !important;}&#8221; cspt-first-col-bg-image=&#8221;23&#8243; cspt-responsive-css=&#8221;61836986|colbreak_no||||||30px||30px|colbreak_yes|||||||||colbreak_no|||||60px||60px|||colbreak_no|||||||||&#8221;][vc_column css=&#8221;.vc_custom_1646300346165{margin-right: -50px !important;}&#8221; cspt-responsive-css=&#8221;83513971|colbreak_no||||||0||0|colbreak_no||0|||||||colbreak_no||||||||||colbreak_no|||||||||&#8221;][vc_column_text css=&#8221;.vc_custom_1722603794397{margin-bottom: 45px !important;}&#8221;]Avrupa Birli\u011fi (AB) taraf\u0131ndan, AB \u00fcyeli\u011fine haz\u0131rl\u0131k s\u00fcrecindeki \u00fclkelere, \u00fcyeli\u011fe y\u00f6nelik yapacaklar\u0131 siyasi, kurumsal, sosyal ve ekonomik reformlara destek vermek ve Birlik standartlar\u0131na eri\u015febilmelerine yard\u0131mc\u0131 olmak \u00fczere Kat\u0131l\u0131m \u00d6ncesi Yard\u0131m Arac\u0131 (<em>Instrument for Pre-Accession Assistance \u2013 IPA<\/em>) olarak adland\u0131r\u0131lan ara\u00e7 arac\u0131l\u0131\u011f\u0131yla hibe fonlar sa\u011flanmaktad\u0131r. Ula\u015ft\u0131rma ve Altyap\u0131 Bakanl\u0131\u011f\u0131, AB ve D\u0131\u015f \u0130li\u015fkiler Genel M\u00fcd\u00fcrl\u00fc\u011f\u00fc, AB Yat\u0131r\u0131mlar\u0131 Dairesi Ba\u015fkanl\u0131\u011f\u0131 IPA fonlar\u0131n\u0131n <strong>ula\u015ft\u0131rma sekt\u00f6r\u00fcne<\/strong> ayr\u0131lan b\u00f6l\u00fcm\u00fcn\u00fcn y\u00f6netilmesinden sorumlu olup, Avrupa Komisyonu taraf\u0131ndan i\u00e7eri\u011fi ve finansman\u0131 onaylanan bir program \u00e7er\u00e7evesinde \u00e7al\u0131\u015fmalar\u0131n\u0131 y\u00fcr\u00fctmektedir.<\/p>\n<p><img decoding=\"async\" class=\"alignright size-medium wp-image-1021\" src=\"http:\/\/www.sumpizmir.org\/tr\/wp-content\/uploads\/2024\/08\/usop-logo-300x130.png\" alt=\"\" width=\"300\" height=\"130\" srcset=\"https:\/\/www.sumpizmir.org\/tr\/wp-content\/uploads\/2024\/08\/usop-logo-300x130.png 300w, https:\/\/www.sumpizmir.org\/tr\/wp-content\/uploads\/2024\/08\/usop-logo-1024x444.png 1024w, https:\/\/www.sumpizmir.org\/tr\/wp-content\/uploads\/2024\/08\/usop-logo-768x333.png 768w, https:\/\/www.sumpizmir.org\/tr\/wp-content\/uploads\/2024\/08\/usop-logo-1536x666.png 1536w, https:\/\/www.sumpizmir.org\/tr\/wp-content\/uploads\/2024\/08\/usop-logo-770x334.png 770w, https:\/\/www.sumpizmir.org\/tr\/wp-content\/uploads\/2024\/08\/usop-logo.png 1772w\" sizes=\"(max-width: 300px) 100vw, 300px\" \/>AB&#8217;ye uyumun nas\u0131l sa\u011flanaca\u011f\u0131, hangi konulara \u00f6ncelik verilece\u011fi, b\u00fct\u00e7enin bu \u00f6ncelik verilen alanlarda nas\u0131l payla\u015ft\u0131r\u0131laca\u011f\u0131, hangi projelerin ya da ne tip projelerin finanse edilece\u011fi, ba\u015far\u0131l\u0131 addedilebilmek i\u00e7in gerekli olan \u00f6l\u00e7\u00fclebilir sonu\u00e7lar\u0131n neler oldu\u011fu ve program\u0131n tan\u0131t\u0131m ve g\u00f6r\u00fcn\u00fcrl\u00fc\u011f\u00fcn\u00fcn sa\u011flanmas\u0131 i\u00e7in neler yap\u0131laca\u011f\u0131n\u0131n a\u00e7\u0131kland\u0131\u011f\u0131 <strong>\u201cUla\u015ft\u0131rma Sekt\u00f6rel Operasyonel Program\u0131\u201d <\/strong>ad\u0131 verilen bu program k\u0131saca <strong>\u201cUSOP\u201d<\/strong> olarak ifade edilmektedir.<\/p>\n<p>USOP yakla\u015f\u0131k yirmi y\u0131ld\u0131r AB ile ortak olarak \u00e7al\u0131\u015fmakta, T\u00fcrkiye\u2019de AB standartlar\u0131 ile uyumlu, rekabet\u00e7i, eri\u015filebilir ve s\u00fcrd\u00fcr\u00fclebilir bir ula\u015ft\u0131rma sistemi olu\u015fturulmas\u0131na katk\u0131da bulunmaktad\u0131r. T\u00fcrkiye\u2019nin \u00e7e\u015fitli yerlerinde USOP alt\u0131nda ger\u00e7ekle\u015ftirilen projeler ile a\u015fa\u011f\u0131daki hedeflere ula\u015f\u0131lmas\u0131 hedeflenmektedir:[\/vc_column_text]<div  class=\"creativesplanet-ul-list cspt-list-padding-0 cspt-ul-type-icon\"><ul><li><i class=\"cspt-globalcolor entypo-icon entypo-icon-check\"><\/i> Ulusal ula\u015f\u0131m sisteminin s\u00fcrd\u00fcr\u00fclebilirli\u011fini ve g\u00fcvenli\u011fini art\u0131rmak,<\/li><li><i class=\"cspt-globalcolor entypo-icon entypo-icon-check\"><\/i> Ula\u015f\u0131m sisteminin verimlili\u011fini art\u0131rmak,<\/li><li><i class=\"cspt-globalcolor entypo-icon entypo-icon-check\"><\/i> Hem ulusal hem de kentsel d\u00fczeylerde bireysel ula\u015f\u0131mdan s\u00fcrd\u00fcr\u00fclebilir, eri\u015filebilir ve kapsay\u0131c\u0131 toplu ta\u015f\u0131ma bi\u00e7imlerine ge\u00e7i\u015fi te\u015fvik etmek,<\/li><li><i class=\"cspt-globalcolor entypo-icon entypo-icon-check\"><\/i> T\u00fcrk ula\u015ft\u0131rma sekt\u00f6r\u00fc m\u00fcktesebat\u0131n\u0131n AB ula\u015ft\u0131rma m\u00fcktesebat\u0131 ile a\u015famal\u0131 bir \u015fekilde uyumla\u015ft\u0131r\u0131lmas\u0131 yoluyla T\u00fcrkiye\u2019nin ula\u015ft\u0131rma alan\u0131nda AB\u2019ye entegrasyonunu g\u00fc\u00e7lendirmek,<\/li><li><i class=\"cspt-globalcolor entypo-icon entypo-icon-check\"><\/i> T\u00fcrkiye\u2019nin ula\u015ft\u0131rma sekt\u00f6r\u00fcnde AB, ulusal ve uluslararas\u0131 finansman\u0131n\u0131n en verimli \u015fekilde kullan\u0131lmas\u0131n\u0131 sa\u011flamak i\u00e7in Ula\u015ft\u0131rma Sekt\u00f6rel Operasyonel Program\u0131 y\u00f6netiminde Ula\u015ft\u0131rma ve Altyap\u0131 Bakanl\u0131\u011f\u0131\u2019n\u0131 desteklemek.<\/li><\/ul><\/div>[vc_column_text css=&#8221;.vc_custom_1759317281892{margin-top: 20px !important;margin-bottom: 45px !important;}&#8221;]SKUp \u0130zmir projesi de <strong>USOP<\/strong> \u00e7at\u0131 program\u0131 alt\u0131nda ger\u00e7ekle\u015ftirilen bir projedir.<\/p>\n<p><strong>USOP<\/strong>, T\u00fcrkiye\u2019nin \u00e7e\u015fitli b\u00f6lgelerini kapsayan s\u00fcrd\u00fcr\u00fclebilir kentsel ula\u015f\u0131m planlar\u0131na, daha ya\u015fanabilir ve daha kaliteli kentlerin yarat\u0131lma a\u015famas\u0131na destek vermektedir. Bu sayede hava ve g\u00fcr\u00fclt\u00fc kirlili\u011fini, sera gaz\u0131 emisyonlar\u0131n\u0131 ve enerji t\u00fcketimini azaltmay\u0131, halk sa\u011fl\u0131\u011f\u0131n\u0131 geli\u015ftirmeyi ve yol g\u00fcvenli\u011fini art\u0131rmay\u0131 desteklemektedir. <strong>USOP<\/strong> ve di\u011fer <strong>USOP<\/strong> projeleri hakk\u0131nda daha fazla bilgi i\u00e7in https:\/\/ipa.uab.gov.tr\/ ve sosyal medya hesaplar\u0131n\u0131 takip edebilirsiniz.[\/vc_column_text][vc_btn title=&#8221;USOP Projeleri Hakk\u0131nda Daha Fazla Bilgi&#8221; style=&#8221;classic&#8221; shape=&#8221;square&#8221; align=&#8221;left&#8221; i_align=&#8221;right&#8221; i_type=&#8221;entypo&#8221; i_icon_entypo=&#8221;entypo-icon entypo-icon-right-open&#8221; add_icon=&#8221;true&#8221; link=&#8221;url:https%3A%2F%2Fipa.uab.gov.tr%2F|target:_blank&#8221;][\/vc_column][\/vc_row][vc_row cspt-bg-color=&#8221;light&#8221; full_width=&#8221;stretch_row&#8221; cspt-responsive-css=&#8221;36971505|colbreak_no|||||80px|30px|80px|30px|colbreak_no|||||||||colbreak_no|||||60||60|||colbreak_no|||||||||&#8221; css=&#8221;.vc_custom_1722602596435{padding-top: 20px !important;padding-bottom: 20px !important;}&#8221;][vc_column cspt-responsive-css=&#8221;98838249|colbreak_no||||||0||0|colbreak_no||||||15px||15px|colbreak_no||||||||||colbreak_no|||||||||&#8221;][vc_row_inner css=&#8221;.vc_custom_1715699187250{margin-top: 150px !important;}&#8221;][vc_column_inner]<div  class=\"creativesplanet-element creativesplanet-element-blog cspt-element-blog-style-5 creativesplanet-element-viewtype-row-column cspt-sortable-no\" data-show=\"3\" data-columns=\"3\" data-loop=\"false\" data-autoplay=\"false\" data-center=\"false\" data-nav=\"false\" data-dots=\"false\" data-autoplayspeed=\"1000\" data-margin=\"\"><div class=\"creativesplanet-element-inner\"><div class=\"cspt-ele-header-area\"><\/div><div class=\"cspt-element-posts-wrapper row multi-columns-row\"><div class=\"cspt-ele cspt-blog-ele col-md-4 skup-izmir\"><article class=\"creativesplanet-ele creativesplanet-ele-blog cspt-blogbox-style-5 post-1628 post type-post status-publish format-standard has-post-thumbnail hentry category-skup-izmir\">\r\n\t<div class=\"post-item\">\r\n\t\t<div class=\"cspt-featured-container\">\r\n\t\t\t<div class=\"cspt-featured-wrapper\"><a href=\"https:\/\/www.sumpizmir.org\/tr\/2025\/04\/25\/skup-izmir-proje-kapanis-etkinligi\/\"><img decoding=\"async\" width=\"770\" height=\"580\" src=\"https:\/\/www.sumpizmir.org\/tr\/wp-content\/uploads\/2025\/04\/01-770x580.jpg\" class=\"attachment-cspt-img-770x580 size-cspt-img-770x580 wp-post-image\" alt=\"\" data-id=\"1629\" \/><\/a><\/div>\t\t\t\r\n\t\t<\/div>\r\n\t\t<div class=\"creativesplanet-box-content\">\t\r\n\t\t\t<div class=\"cspt-meta-container\">\r\n\t\t\t\t\t\t\t\t<div class=\"cspt-meta-category-wrapper cspt-meta-line\">\t\t\t\t\t\r\n\t\t\t\t\t<div class=\"cspt-meta-category\"><a href=\"https:\/\/www.sumpizmir.org\/tr\/category\/skup-izmir\/\" rel=\"category tag\">SKUp \u0130zmir<\/a><\/div>\r\n\t\t\t\t<\/div>\r\n\t\t\t\t\t\t\t<\/div>\r\n\t\t\t<h3 class=\"cspt-post-title\"><a href=\"https:\/\/www.sumpizmir.org\/tr\/2025\/04\/25\/skup-izmir-proje-kapanis-etkinligi\/\">SKUp \u0130zmir Proje Kapan\u0131\u015f Etkinli\u011fi<\/a><\/h3>\r\n\t\t\t<div class=\"creativesplanet-box-desc d-flex\">\r\n\t\t\t\t<div class=\"cspt-meta-date-wrapper cspt-meta-line\">\t\t\t\t\t\r\n\t\t\t\t\t<div class=\"cspt-meta-date\">Nis 25, 2025<\/div>\r\n\t\t\t\t<\/div>\t\t\t\t\r\n\t\t\t\t<div class=\"cspt-meta-comment-wrapper cspt-meta-line\">\t\r\n\t\t\t\t\t <span class=\"cspt-meta cspt-meta-comments\">0 Comments<\/span>\r\n\t\t\t\t<\/div>\r\n\t\t\t<\/div>\r\n\t\t<\/div>\r\n\t<\/div>\r\n<\/article>\r\n<\/div><div class=\"cspt-ele cspt-blog-ele col-md-4 skup-izmir\"><article class=\"creativesplanet-ele creativesplanet-ele-blog cspt-blogbox-style-5 post-1632 post type-post status-publish format-standard has-post-thumbnail hentry category-skup-izmir\">\r\n\t<div class=\"post-item\">\r\n\t\t<div class=\"cspt-featured-container\">\r\n\t\t\t<div class=\"cspt-featured-wrapper\"><a href=\"https:\/\/www.sumpizmir.org\/tr\/2025\/04\/24\/kentsel-hareketlilik-ve-akilli-sehirler-egitimi\/\"><img decoding=\"async\" width=\"770\" height=\"580\" src=\"https:\/\/www.sumpizmir.org\/tr\/wp-content\/uploads\/2025\/04\/01-1-770x580.jpg\" class=\"attachment-cspt-img-770x580 size-cspt-img-770x580 wp-post-image\" alt=\"\" data-id=\"1633\" \/><\/a><\/div>\t\t\t\r\n\t\t<\/div>\r\n\t\t<div class=\"creativesplanet-box-content\">\t\r\n\t\t\t<div class=\"cspt-meta-container\">\r\n\t\t\t\t\t\t\t\t<div class=\"cspt-meta-category-wrapper cspt-meta-line\">\t\t\t\t\t\r\n\t\t\t\t\t<div class=\"cspt-meta-category\"><a href=\"https:\/\/www.sumpizmir.org\/tr\/category\/skup-izmir\/\" rel=\"category tag\">SKUp \u0130zmir<\/a><\/div>\r\n\t\t\t\t<\/div>\r\n\t\t\t\t\t\t\t<\/div>\r\n\t\t\t<h3 class=\"cspt-post-title\"><a href=\"https:\/\/www.sumpizmir.org\/tr\/2025\/04\/24\/kentsel-hareketlilik-ve-akilli-sehirler-egitimi\/\">Kentsel Hareketlilik ve Ak\u0131ll\u0131 \u015eehirler E\u011fitimi<\/a><\/h3>\r\n\t\t\t<div class=\"creativesplanet-box-desc d-flex\">\r\n\t\t\t\t<div class=\"cspt-meta-date-wrapper cspt-meta-line\">\t\t\t\t\t\r\n\t\t\t\t\t<div class=\"cspt-meta-date\">Nis 24, 2025<\/div>\r\n\t\t\t\t<\/div>\t\t\t\t\r\n\t\t\t\t<div class=\"cspt-meta-comment-wrapper cspt-meta-line\">\t\r\n\t\t\t\t\t <span class=\"cspt-meta cspt-meta-comments\">0 Comments<\/span>\r\n\t\t\t\t<\/div>\r\n\t\t\t<\/div>\r\n\t\t<\/div>\r\n\t<\/div>\r\n<\/article>\r\n<\/div><div class=\"cspt-ele cspt-blog-ele col-md-4 skup-izmir\"><article class=\"creativesplanet-ele creativesplanet-ele-blog cspt-blogbox-style-5 post-1618 post type-post status-publish format-standard has-post-thumbnail hentry category-skup-izmir\">\r\n\t<div class=\"post-item\">\r\n\t\t<div class=\"cspt-featured-container\">\r\n\t\t\t<div class=\"cspt-featured-wrapper\"><a href=\"https:\/\/www.sumpizmir.org\/tr\/2025\/03\/28\/izleme-ve-degerlendirme-teknik-calistayi\/\"><img decoding=\"async\" width=\"770\" height=\"580\" src=\"https:\/\/www.sumpizmir.org\/tr\/wp-content\/uploads\/2025\/03\/Izleme-ve-Degerlendirme-Teknik-Calistayi-01-770x580.jpg\" class=\"attachment-cspt-img-770x580 size-cspt-img-770x580 wp-post-image\" alt=\"\" data-id=\"1619\" \/><\/a><\/div>\t\t\t\r\n\t\t<\/div>\r\n\t\t<div class=\"creativesplanet-box-content\">\t\r\n\t\t\t<div class=\"cspt-meta-container\">\r\n\t\t\t\t\t\t\t\t<div class=\"cspt-meta-category-wrapper cspt-meta-line\">\t\t\t\t\t\r\n\t\t\t\t\t<div class=\"cspt-meta-category\"><a href=\"https:\/\/www.sumpizmir.org\/tr\/category\/skup-izmir\/\" rel=\"category tag\">SKUp \u0130zmir<\/a><\/div>\r\n\t\t\t\t<\/div>\r\n\t\t\t\t\t\t\t<\/div>\r\n\t\t\t<h3 class=\"cspt-post-title\"><a href=\"https:\/\/www.sumpizmir.org\/tr\/2025\/03\/28\/izleme-ve-degerlendirme-teknik-calistayi\/\">\u0130zleme ve De\u011ferlendirme Teknik \u00c7al\u0131\u015ftay\u0131<\/a><\/h3>\r\n\t\t\t<div class=\"creativesplanet-box-desc d-flex\">\r\n\t\t\t\t<div class=\"cspt-meta-date-wrapper cspt-meta-line\">\t\t\t\t\t\r\n\t\t\t\t\t<div class=\"cspt-meta-date\">Mar 28, 2025<\/div>\r\n\t\t\t\t<\/div>\t\t\t\t\r\n\t\t\t\t<div class=\"cspt-meta-comment-wrapper cspt-meta-line\">\t\r\n\t\t\t\t\t <span class=\"cspt-meta cspt-meta-comments\">0 Comments<\/span>\r\n\t\t\t\t<\/div>\r\n\t\t\t<\/div>\r\n\t\t<\/div>\r\n\t<\/div>\r\n<\/article>\r\n<\/div><\/div><\/div><!-- .creativesplanet-element-inner -->   <\/div><!-- .creativesplanet-element -->  [\/vc_column_inner][\/vc_row_inner][\/vc_column][\/vc_row]<\/p>\n<\/div>","protected":false},"excerpt":{"rendered":"<p>[vc_row cspt-bg-color=&#8221;white&#8221; cspt-extended-column=&#8221;first&#8221; cspt-extended-bg-image-position=&#8221;right-top&#8221; cspt-extended-bg-image-repeat=&#8221;y&#8221; full_width=&#8221;stretch_row&#8221; content_placement=&#8221;middle&#8221; css=&#8221;.vc_custom_1649219577195{padding-top: 90px !important;padding-bottom: 90px !important;}&#8221; cspt-first-col-bg-image=&#8221;23&#8243; cspt-responsive-css=&#8221;61836986|colbreak_no||||||30px||30px|colbreak_yes|||||||||colbreak_no|||||60px||60px|||colbreak_no|||||||||&#8221;][vc_column width=&#8221;1\/2&#8243; css=&#8221;.vc_custom_1646300346165{margin-right: -50px !important;}&#8221; cspt-responsive-css=&#8221;83513971|colbreak_no||||||0||0|colbreak_no||0|||||||colbreak_no||||||||||colbreak_no|||||||||&#8221;][vc_single_image image=&#8221;476&#8243; img_size=&#8221;460*480&#8243; css=&#8221;.vc_custom_1715351331035{margin-bottom: 0px !important;}&#8221; el_class=&#8221;cspt-effect-img&#8221;][vc_btn title=&#8221;100 \u015eehir Misyonu&#8221; style=&#8221;classic&#8221; shape=&#8221;square&#8221; align=&#8221;left&#8221; i_align=&#8221;right&#8221; i_type=&#8221;entypo&#8221; i_icon_entypo=&#8221;entypo-icon entypo-icon-right-open&#8221; add_icon=&#8221;true&#8221; el_class=&#8221;cspt-right-pad-btn&#8221; link=&#8221;url:https%3A%2F%2Fresearch-and-innovation.ec.europa.eu%2Ffunding%2Ffunding-opportunities%2Ffunding-programmes-and-open-calls%2Fhorizon-europe%2Feu-missions-horizon-europe%2Fclimate-neutral-and-smart-cities_en|target:_blank&#8221;][vc_single_image image=&#8221;478&#8243; img_size=&#8221;362*460&#8243; css=&#8221;.vc_custom_1715351322228{margin-bottom: 0px !important;}&#8221; el_class=&#8221;cspt-abs-img&#8221;][\/vc_column][vc_column width=&#8221;1\/2&#8243; css=&#8221;.vc_custom_1646300357864{padding-left: 90px !important;}&#8221; cspt-responsive-css=&#8221;99138109|colbreak_no||||||0||0|colbreak_no|90||||||||colbreak_no||||||||||colbreak_no|||||||||&#8221;][vc_column_text css=&#8221;.vc_custom_1722348804451{margin-bottom: 45px !important;}&#8221;]Projenin amac\u0131, \u0130zmir B\u00fcy\u00fck\u015fehir Belediyesi i\u00e7in S\u00fcrd\u00fcr\u00fclebilir Kentsel Ula\u015f\u0131m Plan\u0131 (SKUp \u0130zmir) haz\u0131rlamakt\u0131r. Plan, herkes i\u00e7in daha g\u00fcvenli, daha[&hellip;]<\/p>\n","protected":false},"author":1,"featured_media":0,"parent":0,"menu_order":15,"comment_status":"closed","ping_status":"closed","template":"","meta":{"_acf_changed":false,"footnotes":""},"class_list":["post-50","page","type-page","status-publish","hentry"],"acf":[],"_links":{"self":[{"href":"https:\/\/www.sumpizmir.org\/tr\/wp-json\/wp\/v2\/pages\/50","targetHints":{"allow":["GET"]}}],"collection":[{"href":"https:\/\/www.sumpizmir.org\/tr\/wp-json\/wp\/v2\/pages"}],"about":[{"href":"https:\/\/www.sumpizmir.org\/tr\/wp-json\/wp\/v2\/types\/page"}],"author":[{"embeddable":true,"href":"https:\/\/www.sumpizmir.org\/tr\/wp-json\/wp\/v2\/users\/1"}],"replies":[{"embeddable":true,"href":"https:\/\/www.sumpizmir.org\/tr\/wp-json\/wp\/v2\/comments?post=50"}],"version-history":[{"count":34,"href":"https:\/\/www.sumpizmir.org\/tr\/wp-json\/wp\/v2\/pages\/50\/revisions"}],"predecessor-version":[{"id":1674,"href":"https:\/\/www.sumpizmir.org\/tr\/wp-json\/wp\/v2\/pages\/50\/revisions\/1674"}],"wp:attachment":[{"href":"https:\/\/www.sumpizmir.org\/tr\/wp-json\/wp\/v2\/media?parent=50"}],"curies":[{"name":"wp","href":"https:\/\/api.w.org\/{rel}","templated":true}]}}